{"id":2275,"date":"2018-05-03T13:15:33","date_gmt":"2018-05-03T11:15:33","guid":{"rendered":"https:\/\/yoga-stile-im-vergleich.de\/sivananda-joga-na-zapade\/"},"modified":"2025-11-20T14:20:37","modified_gmt":"2025-11-20T13:20:37","slug":"sivananda-joga-na-zapade","status":"publish","type":"page","link":"https:\/\/yoga-stile-im-vergleich.de\/sk\/sivananda-joga-na-zapade\/","title":{"rendered":"\u0160iv\u00e1nanda joga na Z\u00e1pade"},"content":{"rendered":"\n<h2 class=\"wp-block-heading has-medium-font-size\"><strong>Vi\u0161nu D\u00e9vananda (1927 &#8211; 1993)<\/strong> <br\/><strong>Zakladate\u013e a\u0161ramov \u0160ivananda Vedanta na Z\u00e1pade <\/strong> <\/h2>\n<div class=\"wp-block-image\">\n<figure class=\"alignleft size-full is-resized\"><img loading=\"lazy\" decoding=\"async\" width=\"250\" height=\"188\" src=\"https:\/\/yoga-stile-im-vergleich.de\/wp-content\/uploads\/2018\/06\/250px-Swami-Vishnu-devananda155.jpg\" alt=\"\" class=\"wp-image-522\" style=\"width:293px;height:auto\"\/><\/figure>\n<\/div>\n<p>\u0160iv\u00e1nanda poslal <a href=\"https:\/\/wiki.yoga-vidya.de\/Vishnu-devananda\">Vi\u0161nu D\u00e9vanandu<\/a>, jedn\u00e9ho zo svojich najsl\u00e1vnej\u0161\u00edch \u017eiakov, do Ameriky, aby tam otvoril \u00e1\u0161ramy a \u0161\u00edril jogu. V\u010faka nemu sa &#8222;Sivananda joga&#8220; stala svetozn\u00e1mou. Na rozdiel od B.K.S. Iyengara a Patthabiho Joisa, ktor\u00ed viedli rodinn\u00fd \u017eivot, str\u00e1vil 12 rokov ako zasv\u00e4ten\u00fd \u017eiak a mn\u00edch v \u00e1\u0161rame Swamiho Sivanandu a zriekol sa v\u0161etk\u00fdch svetsk\u00fdch v\u00e4zieb.<\/p>\n\n<p><strong>Duchovn\u00fd rozvoj a prekon\u00e1vanie ega pre neho zohr\u00e1vali \u00fastredn\u00fa \u00falohu.<\/strong><\/p>\n\n<p>Z mnoh\u00fdch opisov o \u0148om je zrejm\u00e9, ako bojoval za sebarealiz\u00e1ciu a prekonanie ega a vysk\u00fa\u0161al mnoh\u00e9 veci. Pod\u013ea opisov Heinza Grilla, ktor\u00fd ho osobne poznal, Vi\u0161nu D\u00e9vananda pravdepodobne dospel k poznaniu, \u017ee priamy boj proti egu &#8211; napr\u00edklad asketick\u00fdmi cvi\u010deniami &#8211; nepovedie k jeho prekonaniu. Pravdepodobne si uvedomil, \u017ee musia existova\u0165 aj in\u00e9 sp\u00f4soby. Zaoberal sa preto formovan\u00edm osobnosti, nie prim\u00e1rne formovan\u00edm tela, a pod\u013ea mnoh\u00fdch pr\u00edbehov s t\u00fdm bojoval cel\u00fd \u017eivot.   <\/p>\n\n<h2 class=\"wp-block-heading\" style=\"font-size:25px\">Mierov\u00e9 misie<\/h2>\n\n<p>Pod\u013ea pr\u00edbehov bol Vi\u0161nu D\u00e9vananda ve\u013emi modern\u00fd a kozmopolitn\u00fd. Jedn\u00fdm z jeho hlavn\u00fdch z\u00e1ujmov bola podpora svetov\u00e9ho mieru, ku ktorej pristupoval ve\u013emi nezvy\u010dajn\u00fdmi prostriedkami. Ke\u010f\u017ee opisy na tomto mieste by boli pr\u00edli\u0161 rozsiahle, odkazujem v\u00e1s na opis jeho \u017eivotn\u00e9ho diela na <a href=\"https:\/\/wiki.yoga-vidya.de\/Swami_Vishnudevananda#Bedeutung_von_Swami_Vishnu-devananda\" title=\"\">Yogawiki<\/a>. V dolnej \u010dasti n\u00e1jdete &#8222;mierov\u00e9 misie&#8220;.  <\/p>\n\n<h2 class=\"wp-block-heading\" style=\"font-size:25px\">\u017divot v \u00e1\u0161rame<\/h2>\n\n<p>Vi\u0161nu D\u00e9vananda bol tvoriv\u00fd a ne\u00fanavne otv\u00e1ral jeden \u00e1\u0161ram za druh\u00fdm. Uvedomil si, \u017ee \u017eivot v \u00e1\u0161rame v \u00fastran\u00ed je pre \u013eud\u00ed na Z\u00e1pade \u0165a\u017eko realizovate\u013en\u00fd, a sformuloval p\u00e4\u0165 bodov, ktor\u00e9 mali spr\u00edstupni\u0165 jogu \u0161irokej verejnosti a jej potreb\u00e1m v dne\u0161nom svete. V 60. rokoch 20. storo\u010dia zaviedol aj dovolenky s jogou, kde sa vystresovan\u00ed \u013eudia z priemyseln\u00fdch kraj\u00edn mohli na nieko\u013eko t\u00fd\u017ed\u0148ov utiahnu\u0165, aby sa venovali obsahu a relaxovali. Dovolenk\u00e1ri sa m\u00f4\u017eu v \u00e1\u0161ramoch ubytova\u0165 aj dnes.   <\/p>\n\n<p>Fyzick\u00e9 cvi\u010denia si \u013eah\u0161ie na\u0161li cestu do z\u00e1padn\u00e9ho kontextu t\u00fdm, \u017ee nepou\u017e\u00edvali prim\u00e1rne sanskritsk\u00e9 term\u00edny, ale sk\u00f4r typick\u00fd jazyk danej krajiny, napr\u00edklad surya namaskar so slne\u010dnou modlitbou alebo pozdravom slnku.<\/p>\n\n<p>Sv\u00e1m\u00ed Vi\u0161nu D\u00e9vananda u\u010dil klasick\u00fa <a href=\"http:\/\/www.sivananda.eu\/de\/sivananda-yoga\/yoga-in-5-punkten.html\">jogu v piatich jednoduch\u00fdch bodoch<\/a><a href=\"http:\/\/www.sivananda.eu\/de\/sivananda-yoga\/yoga-in-5-punkten.html\">:<\/a><\/p>\n\n<p>1. <a href=\"http:\/\/www.sivananda.eu\/de\/yogastellungen.html\">spr\u00e1vne telesn\u00e9 cvi\u010denia<\/a> (\u00e1sany)<br\/>2. <a href=\"http:\/\/www.sivananda.eu\/de\/atmung.html\">spr\u00e1vne d\u00fdchanie<\/a> (pr\u00e1naj\u00e1ma)<br\/>3. <a href=\"http:\/\/www.sivananda.eu\/de\/entspannung.html\">spr\u00e1vna relax\u00e1cia<\/a> (sav\u0101sana)<br\/>4. <a href=\"http:\/\/www.sivananda.eu\/de\/ernaehrung.html\">spr\u00e1vna strava<\/a> (vegetari\u00e1nska)<br\/>5. <a href=\"http:\/\/www.sivananda.eu\/de\/meditation.html\">pozit\u00edvne myslenie a medit\u00e1cia<\/a> (vedanta a dhj\u00e1na)<\/p>\n\n<p>Cel\u00fd \u017eivot v a\u0161rame a cvi\u010denia s\u00fa organizovan\u00e9 pod\u013ea t\u00fdchto princ\u00edpov. Pozoruhodn\u00e9 je, \u017ee telesn\u00e9 cvi\u010denia nestoj\u00ed osamotene ani nie je v centre pozornosti, ale s\u00fa za\u010dlenen\u00e9 do tradi\u010dn\u00e9ho indick\u00e9ho prostredia:<br\/>. Denn\u00fd re\u017eim je \u010dasovo a obsahovo stanoven\u00fd, o \u0161iestej r\u00e1no a ve\u010der sa konaj\u00fa satsangy, kde sa medituje, spievaj\u00fa mantry a kirtany a sl\u00e1via sa r\u00f4zne indick\u00e9 obrady. Dvakr\u00e1t denne o 11.00 a 18.00 hod. sa kon\u00e1 vegetari\u00e1nske alebo veg\u00e1nske jedlo zameran\u00e9 na s\u00fdtu, t. j. &#8222;\u010dist\u00fa&#8220; stravu bez dr\u00e1\u017ediv\u00fdch l\u00e1tok, dvakr\u00e1t sa cvi\u010d\u00ed pr\u00e1n\u00e1j\u00e1ma a \u00e1sany, ako aj lekcie indickej filozofie. Karmajoga (nezi\u0161tn\u00e1 slu\u017eba) je v \u00e1\u0161rame povinn\u00e1. V\u0161etko je regulovan\u00e9.    <\/p>\n\n<p>Op\u00edsan\u00e1 prax sa pestuje vo v\u0161etk\u00fdch \u00e1\u0161ramoch a centr\u00e1ch a uskuto\u010d\u0148uje sa v\u00fdlu\u010dne tam. Je \u00fa\u017easn\u00e9, ako ve\u013emi je hinduisticko-indick\u00e1 kult\u00fara pre\u017e\u00edvan\u00e1 a udr\u017eiavan\u00e1 v eur\u00f3pskych \u00e1\u0161ramoch.   <span style=\"font-size: revert;\">Tieto tradi\u010dn\u00e9 hodnoty sa intenz\u00edvne pestuj\u00fa a zachov\u00e1vaj\u00fa. Hostia vstupuj\u00fa do tejto atmosf\u00e9ry. <\/span><\/p>\n\n<p>Prax v jednotliv\u00fdch oblastiach je \u0161tandardizovan\u00e1, \u010do znamen\u00e1, \u017ee ako \u00fa\u010dastn\u00edk m\u00f4\u017eete o\u010dak\u00e1va\u0165 to ist\u00e9 v ka\u017edom \u00e1\u0161rame na celom svete, rovnak\u00e9 s\u00e9rie \u00e1san, rovnak\u00e9 mantry, rovnak\u00fd denn\u00fd re\u017eim, stravu at\u010f.<\/p>\n\n<p><span style=\"font-size: revert;\">\u0160iv\u00e1nanda joga sa nemie\u0161a tak ako in\u00e9 \u0161t\u00fdly jogy Iyengar alebo A\u0161tanga s in\u00fdmi existuj\u00facimi formami cvi\u010denia.<\/span><\/p>\n\n<p>Propaga\u010dn\u00fd film pre kurzy pre u\u010dite\u013eov jogy pribli\u017euje charakter \u00e1\u0161ramov<\/p>\n\n<figure class=\"wp-block-embed is-type-video is-provider-youtube wp-block-embed-youtube wp-embed-aspect-16-9 wp-has-aspect-ratio\"><div class=\"wp-block-embed__wrapper\">\n<iframe loading=\"lazy\" title=\"The Authentic Yoga Teacher Training\" width=\"525\" height=\"295\" src=\"https:\/\/www.youtube.com\/embed\/ZJWkQPoIZ04?feature=oembed\" frameborder=\"0\" allow=\"accelerometer; autoplay; clipboard-write; encrypted-media; gyroscope; picture-in-picture; web-share\" referrerpolicy=\"strict-origin-when-cross-origin\" allowfullscreen><\/iframe>\n<\/div><\/figure>\n\n<h2 class=\"wp-block-heading\" style=\"font-size:25px\">Niektor\u00ed \u017eiaci Vi\u0161nu D\u00e9vanandu<\/h2>\n\n<p>Medzi zn\u00e1mych \u017eiakov Vi\u0161nu D\u00e9vanandu, ktor\u00ed zostali v zasv\u00e4ten\u00ed a zriekli sa rodinn\u00e9ho \u017eivota, patria <strong>Sv\u00e1m\u00ed Durgananda, Sv\u00e1m\u00ed Siv\u00e1dasdananda, Sv\u00e1m\u00ed Kailasananda a Sv\u00e1m\u00ed Atmarananda<\/strong>. <strong>\u00c1\u010dariovia<\/strong> s\u00fa \u017eiaci duchovn\u00e9ho u\u010dite\u013ea, ktor\u00ed sa nesk\u00f4r sami stali duchovn\u00fdmi u\u010dite\u013emi prostredn\u00edctvom vysv\u00e4tenia. Dnes ved\u00fa r\u00f4zne <strong>\u0160iv\u00e1nandove \u00e1\u0161ramy,<\/strong> ktor\u00e9 existuj\u00fa v 13 krajin\u00e1ch s 26 centrami po celom svete. <\/p>\n\n<p>Volker Bretz, ktor\u00e9ho zasv\u00e4ten\u00e9 meno je <strong>Sukadev<\/strong>, sa v\u0161ak o\u017eenil a opustil r\u00e1d. V Nemecku zalo\u017eil <strong>&#8222;<a href=\"https:\/\/www.yoga-vidya.de\/\">Yoga Vidya<\/a><\/strong> &#8222;, ktor\u00e1 sa riadi rovnak\u00fdmi princ\u00edpmi ako \u0160ivananda joga &#8211; ale v individualizovanej podobe a \u010fal\u0161om v\u00fdvoji -, ale bez s\u013eubov pre ved\u00faceho \u0161koly. <br\/>Za zmienku stoj\u00ed napr. <a href=\"https:\/\/wiki.yoga-vidya.de\/\"><strong>Yogawiki<\/strong><\/a>ktor\u00e1 vznikla z iniciat\u00edvy Sukadeva a poskytuje komplexn\u00e9 inform\u00e1cie o jogov\u00fdch t\u00e9mach. <\/p>\n\n<h2 class=\"wp-block-heading\" style=\"font-size:25px\">Duchovn\u00fd poh\u013ead na \u010dloveka a svet<\/h2>\n\n<p>Ke\u010f\u017ee sa pestuj\u00fa a praktizuj\u00fa v\u0161etky aspekty indickej trad\u00edcie, hovor\u00ed sa o<strong>&#8222;integr\u00e1lnej joge&#8220;<\/strong>. \u0160tyri cesty: d\u017e\u0148\u00e1na joga, r\u00e1d\u017ea joga, bhakti joga a karma joga s\u00fa d\u00f4le\u017eit\u00e9 a re\u0161pektovan\u00e9 cesty. Z toho vych\u00e1dza aj tvrdenie o <strong>duchovnej praxi,<\/strong> ke\u010f\u017ee sa necvi\u010dia len fyzick\u00e9 cvi\u010denia, ale tie s\u00fa zaraden\u00e9 aj do celkovej filozofickej \u0161trukt\u00fary.  <\/p>\n\n<p>\u017divotopis Swamiho Vishnudevanandu n\u00e1jdete na <a href=\"https:\/\/www.aurorawiki.de\/wiki\/Swami_Vishnudevananda\" title=\"\"><strong>Aurora Wiki<\/strong><\/a>. Obzvl\u00e1\u0161\u0165 zauj\u00edmav\u00fd je opis fungovania jeho du\u0161e. <\/p>\n\n<p>Viac o cvi\u010den\u00ed v <a href=\"http:\/\/yoga-stile-im-vergleich.de\/sivananda-yoga\/\">Sivananda Yoga<\/a><br\/>Viac o cvi\u010den\u00ed v <a title=\"Joga Vidya\" href=\"https:\/\/yoga-stile-im-vergleich.de\/sk\/joga-vidya\/\">Yoga Vidya<\/a><\/p>\n\n<p><strong><a href=\"https:\/\/yoga-stile-im-vergleich.de\/sk\/sri-aurobindo-integralna-joga\/\">Prejs\u0165 na str\u00e1nku:<\/a> Sri Aurobindo &#8211; Integr\u00e1lna joga<\/strong><\/p>\n\n<p><\/p>\n","protected":false},"excerpt":{"rendered":"<p>Vi\u0161nu D\u00e9vananda (1927 &#8211; 1993) Zakladate\u013e a\u0161ramov \u0160ivananda Vedanta na Z\u00e1pade \u0160iv\u00e1nanda poslal Vi\u0161nu D\u00e9vanandu, jedn\u00e9ho zo svojich najsl\u00e1vnej\u0161\u00edch \u017eiakov, do Ameriky, aby tam otvoril \u00e1\u0161ramy a \u0161\u00edril jogu. V\u010faka nemu sa &#8222;Sivananda joga&#8220; stala svetozn\u00e1mou. Na rozdiel od B.K.S. Iyengara a Patthabiho Joisa, ktor\u00ed viedli rodinn\u00fd \u017eivot, str\u00e1vil 12 rokov ako zasv\u00e4ten\u00fd \u017eiak a &hellip; <\/p>\n<p class=\"link-more\"><a href=\"https:\/\/yoga-stile-im-vergleich.de\/sk\/sivananda-joga-na-zapade\/\" class=\"more-link\">Pokra\u010dova\u0165 v \u010d\u00edtan\u00ed<span class=\"screen-reader-text\"> &#8222;\u0160iv\u00e1nanda joga na Z\u00e1pade&#8220;<\/span><\/a><\/p>\n","protected":false},"author":1,"featured_media":0,"parent":0,"menu_order":0,"comment_status":"closed","ping_status":"closed","template":"","meta":{"footnotes":""},"class_list":["post-2275","page","type-page","status-publish","hentry"],"aioseo_notices":[],"_links":{"self":[{"href":"https:\/\/yoga-stile-im-vergleich.de\/sk\/wp-json\/wp\/v2\/pages\/2275","targetHints":{"allow":["GET"]}}],"collection":[{"href":"https:\/\/yoga-stile-im-vergleich.de\/sk\/wp-json\/wp\/v2\/pages"}],"about":[{"href":"https:\/\/yoga-stile-im-vergleich.de\/sk\/wp-json\/wp\/v2\/types\/page"}],"author":[{"embeddable":true,"href":"https:\/\/yoga-stile-im-vergleich.de\/sk\/wp-json\/wp\/v2\/users\/1"}],"replies":[{"embeddable":true,"href":"https:\/\/yoga-stile-im-vergleich.de\/sk\/wp-json\/wp\/v2\/comments?post=2275"}],"version-history":[{"count":3,"href":"https:\/\/yoga-stile-im-vergleich.de\/sk\/wp-json\/wp\/v2\/pages\/2275\/revisions"}],"predecessor-version":[{"id":2716,"href":"https:\/\/yoga-stile-im-vergleich.de\/sk\/wp-json\/wp\/v2\/pages\/2275\/revisions\/2716"}],"wp:attachment":[{"href":"https:\/\/yoga-stile-im-vergleich.de\/sk\/wp-json\/wp\/v2\/media?parent=2275"}],"curies":[{"name":"wp","href":"https:\/\/api.w.org\/{rel}","templated":true}]}}