{"id":2197,"date":"2018-05-03T13:07:05","date_gmt":"2018-05-03T11:07:05","guid":{"rendered":"https:\/\/yoga-stile-im-vergleich.de\/svami-sivananda-velky-indicky-svaetec\/"},"modified":"2025-11-20T14:13:34","modified_gmt":"2025-11-20T13:13:34","slug":"svami-sivananda-velky-indicky-svaetec","status":"publish","type":"page","link":"https:\/\/yoga-stile-im-vergleich.de\/sk\/svami-sivananda-velky-indicky-svaetec\/","title":{"rendered":"Sv\u00e1m\u00ed \u0160iv\u00e1nanda &#8211; ve\u013ek\u00fd indick\u00fd sv\u00e4tec"},"content":{"rendered":"\n<div class=\"wp-block-group is-nowrap is-layout-flex wp-container-core-group-is-layout-ad2f72ca wp-block-group-is-layout-flex\">\n<div class=\"wp-block-columns is-layout-flex wp-container-core-columns-is-layout-9d6595d7 wp-block-columns-is-layout-flex\">\n<div class=\"wp-block-column is-layout-flow wp-block-column-is-layout-flow\" style=\"flex-basis:100%\"><div class=\"wp-block-image\">\n<figure class=\"alignleft is-resized\"><img loading=\"lazy\" decoding=\"async\" width=\"387\" height=\"509\" src=\"https:\/\/yoga-stile-im-vergleich.de\/wp-content\/uploads\/2018\/05\/Swami-Sivananda-Portrait-1.jpg\" alt=\"Sv&#xE1;m&#xED; &#x160;iv&#xE1;nanda\" class=\"wp-image-292\" style=\"width:309px;height:auto\" srcset=\"https:\/\/yoga-stile-im-vergleich.de\/wp-content\/uploads\/2018\/05\/Swami-Sivananda-Portrait-1.jpg 387w, https:\/\/yoga-stile-im-vergleich.de\/wp-content\/uploads\/2018\/05\/Swami-Sivananda-Portrait-1-228x300.jpg 228w\" sizes=\"auto, (max-width: 387px) 100vw, 387px\" \/><\/figure>\n<\/div>\n\n\n<p><strong>Sv\u00e1m\u00ed \u0160iv\u00e1nanda je jedn\u00fdm z najv\u00e4\u010d\u0161\u00edch indick\u00fdch sv\u00e4tcov.<\/strong> <br\/>\u017dil v rokoch 1887 a\u017e 1963.<\/p>\n\n\n\n<p>P\u00f4vodne \u0161tudoval medic\u00ednu pod rodn\u00fdm menom Kuppuswami Iyer a v roku 1924 sa usadil v Ri\u0161ike\u0161i. Ri\u0161ik\u00e9\u0161 je jedn\u00fdm zo siedmich sv\u00e4t\u00fdch miest Indie a nach\u00e1dza sa na mieste, kde Ganga vytek\u00e1 z Himal\u00e1j\u00ed, kde v \u00e1\u0161ramoch preb\u00fdva mnoho s\u00e1dhuov. <\/p>\n\n\n\n<p>Stal sa tie\u017e s\u00e1dhuom a prijal nov\u00e9 meno Swami Sivananda. V roku 1936 zalo\u017eil \u00e1\u0161ram,<strong>Spolo\u010dnos\u0165 Bo\u017esk\u00e9ho \u017eivota,<\/strong>kde str\u00e1vil zvy\u0161ok \u017eivota. Napriek tomu bol kozmopolitne a z\u00e1padne orientovan\u00fd. K tomu sa dostaneme nesk\u00f4r.   <\/p>\n\n\n\n<p>Ako duchovn\u00fd u\u010dite\u013e vyu\u010doval mnoh\u00fdch \u0161tudentov. \u017dili s n\u00edm v klasicky bl\u00edzkom vz\u0165ahu 12 rokov po jeho boku v \u00e1\u0161rame. Po dvan\u00e1stich rokoch sa \u017eiactvo skon\u010dilo a on ich poslal do sveta plni\u0165 r\u00f4zne \u00falohy.  <\/p>\n\n\n\n<figure class=\"wp-block-image alignnone size-full wp-image-337\"><img loading=\"lazy\" decoding=\"async\" width=\"515\" height=\"295\" src=\"https:\/\/yoga-stile-im-vergleich.de\/wp-content\/uploads\/2018\/05\/Chinmayananda_Sivananda_Rishikesh_Ganga.jpg\" alt=\"\" class=\"wp-image-337\" srcset=\"https:\/\/yoga-stile-im-vergleich.de\/wp-content\/uploads\/2018\/05\/Chinmayananda_Sivananda_Rishikesh_Ganga.jpg 515w, https:\/\/yoga-stile-im-vergleich.de\/wp-content\/uploads\/2018\/05\/Chinmayananda_Sivananda_Rishikesh_Ganga-300x172.jpg 300w\" sizes=\"auto, (max-width: 515px) 100vw, 515px\" \/><figcaption class=\"wp-element-caption\">\u0160tvrt\u00fd sprava je Swami Sivananda<\/figcaption><\/figure>\n\n\n\n<p>Medzi zn\u00e1mych \u0161tudentov patria:<\/p>\n\n\n\n<ul class=\"wp-block-list\">\n<li><span style=\"color: #000000;\"><a style=\"color: #000000;\" href=\"https:\/\/wiki.yoga-vidya.de\/Vishnu-devananda\">Swami Vishnu Devananda<\/a> &#8211; zakladate\u013e centier Sivananda Yoga Vedanta<\/span><\/li>\n\n\n\n<li><span style=\"color: #000000;\"><a style=\"color: #000000;\" href=\"https:\/\/wiki.yoga-vidya.de\/Swami_Krishnananda\">Sv\u00e1m\u00ed Kri\u0161nananda<\/a>, jeho n\u00e1stupca v Ri\u0161ike\u0161i<\/span><\/li>\n\n\n\n<li><span style=\"color: #000000;\"><a style=\"color: #000000;\" href=\"https:\/\/wiki.yoga-vidya.de\/Swami_Chidananda\">Swami Chidananda<\/a>, pokra\u010doval vo veden\u00ed Spolo\u010dnosti Bo\u017esk\u00e9ho \u017eivota<\/span><\/li>\n\n\n\n<li><span style=\"color: #000000;\"><a style=\"color: #000000;\" href=\"https:\/\/wiki.yoga-vidya.de\/Swami_Satchidananda\">Sv\u00e1m\u00ed Sat\u010cidAnanda<\/a> otvoril festival Woodstock<\/span><\/li>\n\n\n\n<li><span style=\"color: #000000;\"><a style=\"color: #000000;\" href=\"https:\/\/wiki.yoga-vidya.de\/Swami_Omkarananda\">Sv\u00e1m\u00ed \u00d3mkar\u00e1nanda<\/a>, usaden\u00fd vo \u0160vaj\u010diarsku<\/span><\/li>\n\n\n\n<li><span style=\"color: #000000;\"><a style=\"color: #000000;\" href=\"https:\/\/wiki.yoga-vidya.de\/Swami_Sivananda_Radha\">Swami Sivananda Radha<\/a>, p\u00f4vodne nemeck\u00e1 Sylvia Hellman, sa usadila v Kanande<\/span><\/li>\n<\/ul>\n\n\n\n<p><span style=\"color: #000000;\">Tu je nieko\u013eko<\/span> autentick\u00fdch dojmov z jeho \u017eivota a pr\u00e1ce v Ri\u0161ike\u0161i:<\/p>\n\n\n\n<figure class=\"wp-block-embed is-type-video is-provider-youtube wp-block-embed-youtube wp-embed-aspect-4-3 wp-has-aspect-ratio\"><div class=\"wp-block-embed__wrapper\">\n<iframe loading=\"lazy\" title=\"# 109 No. 5 Master Sivananda filmed in Rishikesh, India 1887-1963.\" width=\"525\" height=\"394\" src=\"https:\/\/www.youtube.com\/embed\/iBV73y418vg?feature=oembed\" frameborder=\"0\" allow=\"accelerometer; autoplay; clipboard-write; encrypted-media; gyroscope; picture-in-picture; web-share\" referrerpolicy=\"strict-origin-when-cross-origin\" allowfullscreen><\/iframe>\n<\/div><\/figure>\n\n\n\n<h2 class=\"wp-block-heading\" style=\"font-size:25px\">&#8222;Bez jogy&#8220;<\/h2>\n\n\n\n<p>O jeho osobnosti sa oplat\u00ed zisti\u0165 trochu viac. Pracoval ne\u00fanavne a v\u017edy bol pln\u00fd radostn\u00e9ho tvoriv\u00e9ho el\u00e1nu. Vst\u00e1val ve\u013emi skoro, o tretej r\u00e1no, hodinu pred \u017eiakmi, a jeho de\u0148 sa kon\u010dil okolo jeden\u00e1stej ve\u010der. Ka\u017ed\u00e1 min\u00fata jeho d\u0148a bola naplnen\u00e1 aktivitami, ktor\u00e9 vykon\u00e1val s rados\u0165ou a chu\u0165ou do \u010dinnosti. Jeho veselos\u0165 bola pozoruhodn\u00e1 a imponovala \u017eiakom i n\u00e1v\u0161tevn\u00edkom.    <\/p>\n\n\n\n<p><strong>Vedel, \u017ee sa nemo\u017eno prepracova\u0165 od pozemsk\u00e9ho k duchovn\u00e9mu pomocou techn\u00edk a met\u00f3d<\/strong>.<\/p>\n\n\n\n<p>Sv\u00e1m\u00ed \u0160iv\u00e1nanda ako zasv\u00e4tenec do duchovn\u00fdch svetov hlboko vedel, \u017ee jogov\u00fdmi praktikami nemo\u017eno dosiahnu\u0165 ducha. Preto bol &#8222;slobodn\u00fd od jogy&#8220;. <\/p>\n\n\n\n<p>Rados\u0165, veselos\u0165 a bezstarostnos\u0165 jeho osobnosti mali ur\u010dite nie\u010do spolo\u010dn\u00e9 s t\u00fdmto uvedomen\u00edm a zm\u00fd\u0161\u013ean\u00edm. Namiesto toho sa venoval slu\u017ebe druh\u00fdm a bol ne\u00fanavn\u00fd vo svojej pr\u00e1ci: <\/p>\n\n\n\n<p>SL\u00da\u017dI\u0164 &#8211; MILOVA\u0164 &#8211; MEDITOVA\u0164 &#8211; REALIZOVA\u0164<\/p>\n\n\n\n<p>Vyvst\u00e1va ot\u00e1zka, pre\u010do by ste mali robi\u0165 to\u013eko cvi\u010den\u00ed a uklada\u0165 si pr\u00edsny denn\u00fd re\u017eim, ak to nevedie k v\u00e1\u0161mu duchovn\u00e9mu cie\u013eu!<\/p>\n\n\n\n<p>Tento denn\u00fd program<a href=\"http:\/\/yoga-stile-im-vergleich.de\/wp-content\/uploads\/2018\/06\/Die-20-Regeln-des-Sivananda.pdf\">&#8222;20 pravidiel \u0160iv\u00e1nandy<\/a>&#8220; je vytla\u010den\u00fd ni\u017e\u0161ie. Ve\u010der si vezmete<a href=\"http:\/\/yoga-stile-im-vergleich.de\/wp-content\/uploads\/2018\/06\/Spirituelles-Tagebuch.pdf\">&#8222;duchovn\u00fd denn\u00edk<\/a>&#8222;, &#8222;dotazn\u00edk&#8220; s 26 ot\u00e1zkami, a zap\u00ed\u0161ete si, \u010do ste urobili. (Rozd\u00e1vaj\u00fa sa v \u0160iv\u00e1nanda \u00e1\u0161ramoch)<\/p>\n\n\n\n<h2 class=\"wp-block-heading\">Fyzick\u00e9 cvi\u010denia<\/h2>\n\n\n\n<p>Na historick\u00fdch vide\u00e1ch m\u00f4\u017eete vidie\u0165, ako spolu so svojimi \u0161tudentmi cvi\u010d\u00ed \u00e1sany na rieke Gange, ktor\u00e1 je v Eur\u00f3pe zn\u00e1ma najm\u00e4 ako <a href=\"http:\/\/yoga-stile-im-vergleich.de\/wp-content\/uploads\/2018\/06\/Rishikeshreihe.pdf\">Ri\u0161ike\u0161rihe.<\/a>  Pod\u013ea \u0160iv\u00e1nanda centier sa Sv\u00e1m\u00ed \u0160iv\u00e1nanda odvol\u00e1val na Hathaj\u00f3ga Pradipiku. Nie je zn\u00e1me, \u010di sa s\u00e1m in\u0161piroval m\u00fadrymi u\u010dencami. Okrem toho nie je ni\u010d zn\u00e1me o tom, ako Ri\u0161ike\u0161reihe vznikol. Vyvinul ich mo\u017eno po\u010das cvi\u010denia so svojimi \u0161tudentmi? Otvoren\u00e1 zost\u00e1va aj ot\u00e1zka, odkia\u013e poch\u00e1dzaj\u00fa podnety pre typick\u00fa formu \u0161iv\u00e1nandovsk\u00e9ho pozdravu slnku, preto\u017ee sa v\u00fdrazne l\u00ed\u0161i napr\u00edklad od formy modlitby slnka A a B a\u0161tangayogy.<\/p>\n\n\n\n<p>Po 12 rokoch \u017eivota v \u00e1\u0161rame poslal Vi\u0161nu D\u00e9vanandu do Ameriky, kde zalo\u017eil dnes svetozn\u00e1me &#8222;\u0160iv\u00e1nanda joga \u00e1\u0161ramy&#8220;: <a href=\"http:\/\/yoga-stile-im-vergleich.de\/sivananda-yoga-von-vishnu-devananda\/\">\u0160iv\u00e1nanda joga na Z\u00e1pade<\/a>.<\/p>\n\n\n\n<p>Podrobn\u00fd \u017eivotopis svamiho Sivanadu n\u00e1jdete na <a href=\"https:\/\/www.aurorawiki.de\/wiki\/Swami_Sivananda#Wirken\" title=\"\"><strong>Aurora Wiki<\/strong><\/a>. Je mimoriadne zauj\u00edmav\u00e9 \u0161tudova\u0165 dielo du\u0161e tohto ve\u013ek\u00e9ho sv\u00e4tca.<\/p>\n\n\n\n<p><strong><a title=\"&#x160;iv&#xE1;nanda joga na Z&#xE1;pade\" href=\"https:\/\/yoga-stile-im-vergleich.de\/sk\/sivananda-joga-na-zapade\/\">Pokra\u010dova\u0165 na str\u00e1nku:<\/a> \u0160iv\u00e1nanda joga na Z\u00e1pade<\/strong><\/p>\n<\/div>\n<\/div>\n<\/div>\n\n<p><\/p>\n","protected":false},"excerpt":{"rendered":"<p>Sv\u00e1m\u00ed \u0160iv\u00e1nanda je jedn\u00fdm z najv\u00e4\u010d\u0161\u00edch indick\u00fdch sv\u00e4tcov. \u017dil v rokoch 1887 a\u017e 1963. P\u00f4vodne \u0161tudoval medic\u00ednu pod rodn\u00fdm menom Kuppuswami Iyer a v roku 1924 sa usadil v Ri\u0161ike\u0161i. Ri\u0161ik\u00e9\u0161 je jedn\u00fdm zo siedmich sv\u00e4t\u00fdch miest Indie a nach\u00e1dza sa na mieste, kde Ganga vytek\u00e1 z Himal\u00e1j\u00ed, kde v \u00e1\u0161ramoch preb\u00fdva mnoho s\u00e1dhuov. Stal &hellip; <\/p>\n<p class=\"link-more\"><a href=\"https:\/\/yoga-stile-im-vergleich.de\/sk\/svami-sivananda-velky-indicky-svaetec\/\" class=\"more-link\">Pokra\u010dova\u0165 v \u010d\u00edtan\u00ed<span class=\"screen-reader-text\"> &#8222;Sv\u00e1m\u00ed \u0160iv\u00e1nanda &#8211; ve\u013ek\u00fd indick\u00fd sv\u00e4tec&#8220;<\/span><\/a><\/p>\n","protected":false},"author":1,"featured_media":0,"parent":0,"menu_order":0,"comment_status":"closed","ping_status":"closed","template":"","meta":{"footnotes":""},"class_list":["post-2197","page","type-page","status-publish","hentry"],"aioseo_notices":[],"_links":{"self":[{"href":"https:\/\/yoga-stile-im-vergleich.de\/sk\/wp-json\/wp\/v2\/pages\/2197","targetHints":{"allow":["GET"]}}],"collection":[{"href":"https:\/\/yoga-stile-im-vergleich.de\/sk\/wp-json\/wp\/v2\/pages"}],"about":[{"href":"https:\/\/yoga-stile-im-vergleich.de\/sk\/wp-json\/wp\/v2\/types\/page"}],"author":[{"embeddable":true,"href":"https:\/\/yoga-stile-im-vergleich.de\/sk\/wp-json\/wp\/v2\/users\/1"}],"replies":[{"embeddable":true,"href":"https:\/\/yoga-stile-im-vergleich.de\/sk\/wp-json\/wp\/v2\/comments?post=2197"}],"version-history":[{"count":8,"href":"https:\/\/yoga-stile-im-vergleich.de\/sk\/wp-json\/wp\/v2\/pages\/2197\/revisions"}],"predecessor-version":[{"id":2707,"href":"https:\/\/yoga-stile-im-vergleich.de\/sk\/wp-json\/wp\/v2\/pages\/2197\/revisions\/2707"}],"wp:attachment":[{"href":"https:\/\/yoga-stile-im-vergleich.de\/sk\/wp-json\/wp\/v2\/media?parent=2197"}],"curies":[{"name":"wp","href":"https:\/\/api.w.org\/{rel}","templated":true}]}}